{"id":12594,"date":"2025-05-01T13:13:31","date_gmt":"2025-05-01T11:13:31","guid":{"rendered":"https:\/\/byzantinistik.geschichte.uni-mainz.de\/?page_id=12594"},"modified":"2025-09-03T12:02:31","modified_gmt":"2025-09-03T10:02:31","slug":"apl-prof-dr-klaus-peter-todt","status":"publish","type":"page","link":"https:\/\/byzantinistik.geschichte.uni-mainz.de\/en\/apl-prof-dr-klaus-peter-todt\/","title":{"rendered":"apl. Prof. Dr. Klaus Peter Todt"},"content":{"rendered":"<jgu-base-pageheader react-props=\"{\n    &quot;items&quot;: [\n        {\n            &quot;box&quot;: {\n                &quot;index&quot;: &quot;Team&quot;,\n                &quot;title&quot;: &quot;apl. Prof. Dr. Klaus Peter Todt&quot;,\n                &quot;link&quot;: {\n                    &quot;url&quot;: &quot;&quot;,\n                    &quot;title&quot;: &quot;learn more&quot;\n                }\n            },\n            &quot;color&quot;: &quot;default&quot;,\n            &quot;image&quot;: {\n                &quot;url&quot;: &quot;&quot;\n            },\n            &quot;imgCredit&quot;: &quot;&quot;,\n            &quot;useVideo&quot;: false,\n            &quot;video&quot;: false\n        }\n    ],\n    &quot;type&quot;: &quot;border&quot;,\n    &quot;align&quot;: &quot;full&quot;,\n    &quot;quicklinks&quot;: {\n        &quot;show&quot;: false,\n        &quot;selects&quot;: []\n    },\n    &quot;useBreadcrumb&quot;: false\n}\">\n<\/jgu-base-pageheader>\n<div class=\"wp-block-columns is-layout-flex wp-container-core-columns-is-layout-9d6595d7 wp-block-columns-is-layout-flex\">\n<div class=\"wp-block-column is-layout-flow wp-block-column-is-layout-flow\" style=\"flex-basis:66.66%\"><jgu-base-idm-person react-props=\"{\n    &quot;id&quot;: &quot;12457&quot;,\n    &quot;link&quot;: &quot;false&quot;,\n    &quot;organizationId&quot;: 758,\n    &quot;roleId&quot;: 118,\n    &quot;name&quot;: &quot;&quot;,\n    &quot;skipDetails&quot;: [],\n    &quot;align&quot;: &quot;left&quot;,\n    &quot;color&quot;: &quot;default&quot;,\n    &quot;mode&quot;: &quot;edit&quot;,\n    &quot;linkType&quot;: &quot;false&quot;\n}\">\n        \n<\/jgu-base-idm-person>\n<\/div>\n\n\n\n<div class=\"wp-block-column is-layout-flow wp-block-column-is-layout-flow\" style=\"flex-basis:33.33%\"><jgu-base-imagegallery react-props=\"{\n    &quot;images&quot;: [\n        {\n            &quot;url&quot;: &quot;https:\\\/\\\/cms.zdv.uni-mainz.de\\\/fb07-byzantinistik\\\/wp-content\\\/uploads\\\/sites\\\/516\\\/2025\\\/08\\\/Foto_Todt_August_2025.jpg&quot;,\n            &quot;id&quot;: 11782,\n            &quot;credit&quot;: &quot;apl. Prof. Dr. Klaus Peter Todt&quot;,\n            &quot;title&quot;: &quot;Foto_Todt_August_2025&quot;,\n            &quot;width&quot;: 1920,\n            &quot;height&quot;: 2560,\n            &quot;srcset&quot;: &quot;https:\\\/\\\/cms.zdv.uni-mainz.de\\\/fb07-byzantinistik\\\/wp-content\\\/uploads\\\/sites\\\/516\\\/2025\\\/08\\\/Foto_Todt_August_2025.jpg 1920w, https:\\\/\\\/cms.zdv.uni-mainz.de\\\/fb07-byzantinistik\\\/wp-content\\\/uploads\\\/sites\\\/516\\\/2025\\\/08\\\/Foto_Todt_August_2025-225x300.jpg 225w, https:\\\/\\\/cms.zdv.uni-mainz.de\\\/fb07-byzantinistik\\\/wp-content\\\/uploads\\\/sites\\\/516\\\/2025\\\/08\\\/Foto_Todt_August_2025-768x1024.jpg 768w, https:\\\/\\\/cms.zdv.uni-mainz.de\\\/fb07-byzantinistik\\\/wp-content\\\/uploads\\\/sites\\\/516\\\/2025\\\/08\\\/Foto_Todt_August_2025-1152x1536.jpg 1152w, https:\\\/\\\/cms.zdv.uni-mainz.de\\\/fb07-byzantinistik\\\/wp-content\\\/uploads\\\/sites\\\/516\\\/2025\\\/08\\\/Foto_Todt_August_2025-1536x2048.jpg 1536w&quot;,\n            &quot;src&quot;: &quot;https:\\\/\\\/cms.zdv.uni-mainz.de\\\/fb07-byzantinistik\\\/wp-content\\\/uploads\\\/sites\\\/516\\\/2025\\\/08\\\/Foto_Todt_August_2025.jpg&quot;\n        }\n    ],\n    &quot;withThumbs&quot;: false,\n    &quot;previewNext&quot;: false,\n    &quot;align&quot;: &quot;wide&quot;,\n    &quot;thumbsPosition&quot;: &quot;right&quot;,\n    &quot;initSlide&quot;: 1,\n    &quot;aspectRatio&quot;: &quot;16-9&quot;,\n    &quot;screenwidth&quot;: false,\n    &quot;width&quot;: &quot;100cqw&quot;,\n    &quot;perPage&quot;: 1\n}\">\n\n<\/jgu-base-imagegallery>\n<\/div>\n<\/div>\n<jgu-base-anchornavigation react-props=\"{\n    &quot;align&quot;: &quot;wide&quot;,\n    &quot;theme&quot;: &quot;white&quot;\n}\">\n    \n<\/jgu-base-anchornavigation>\n<div style=\"height:34px\" aria-hidden=\"true\" class=\"wp-block-spacer\"><\/div>\n\n<p>Prof. Dr. Klaus-Peter Todt developed his interest in the history and culture of Byzantium in the last years of his schooling at the humanistic Dilthey-Gymnasium in Wiesbaden. He read the first Byzantine source texts, especially the Chronographia of Theophanes, in the excellent library of his school, which was very rich in older and more recent text editions as well as monographs and whose beginnings date back to the 18th century. After a very stimulating and inspiring program of study with Prof. Dr. Johannes Koder, with whom Prof. Dr. Klaus-Peter Todt remains closely associated to this day, he worked since 1983 as an academic staff member, research assistant and then after the habilitation as associate professor (Privatdozent), adjunct professor and acting chair for Prof. Pahlitzsch in the Byzantinistik research unit (formerly Department V of the Histor. Seminars), albeit with interruptions. He regularly offers an overview lecture on the history of Byzantium from the 4th-15th century, spread over several semesters.    <\/p>\n\n<div style=\"height:44px\" aria-hidden=\"true\" class=\"wp-block-spacer\"><\/div>\n<jgu-base-section react-props=\"{&quot;color&quot;:&quot;light&quot;,&quot;align&quot;:&quot;wide&quot;,&quot;padding&quot;:&quot;medium&quot;}\">\n<div class=\"jgu-bgsection bg bg-light\"><div class=\"content padding-medium\"><div\n\tclass=\"jgu-anchorpoint\"\n\tid=\"Curriculum vitae\"\n\tdata-label=\"Curriculum vitae\"\n\tdata-hide-in-nav=\"false\"\n\ttabindex=\"0\"\n\tdata-initial-scroll=\"true\"\n><\/div>\n\n\n<jgu-base-heading react-props=\"{\n    &quot;index&quot;: &quot;apl. Prof. Dr. Klaus Peter Todt&quot;,\n    &quot;tags&quot;: {\n        &quot;htmlTag&quot;: &quot;h2&quot;,\n        &quot;classTag&quot;: &quot;&quot;,\n        &quot;tag&quot;: &quot;h2&quot;\n    },\n    &quot;heading&quot;: &quot;Academic curriculum vitae&quot;,\n    &quot;textAlign&quot;: &quot;left&quot;,\n    &quot;anchor&quot;: &quot;&quot;,\n    &quot;color&quot;: &quot;red&quot;\n}\"><\/jgu-base-heading>\n\n\n<jgu-base-heading react-props=\"{\n    &quot;tags&quot;: {\n        &quot;htmlTag&quot;: &quot;h2&quot;,\n        &quot;classTag&quot;: &quot;h3&quot;,\n        &quot;tag&quot;: &quot;h2.h3&quot;\n    },\n    &quot;heading&quot;: &quot;Training and Program of Study&quot;,\n    &quot;textAlign&quot;: &quot;left&quot;,\n    &quot;anchor&quot;: &quot;&quot;,\n    &quot;index&quot;: &quot;&quot;,\n    &quot;color&quot;: &quot;red&quot;\n}\"><\/jgu-base-heading>\n\n\n\n<figure class=\"wp-block-table\"><table><tbody><tr><td>08 \/ 1989<\/td><td>Doctorate<\/td><\/tr><tr><td>07 \/ 1983<\/td><td>Magister artium<\/td><\/tr><tr><td>10\/1976 \u2013 07\/1983<\/td><td>Program of study of Byzantine Studies, Protestant Theology, Philosophy and Classical Philology at the Johannes Gutenberg-Universit\u00e4t Mainz<\/td><\/tr><tr><td>01\/1978 \u2013 04\/1979<\/td><td>Civilian service at the Child Neurological Center Mainz<\/td><\/tr><tr><td>1968-1976<\/td><td>Attended the Humanistic Dilthey-Gymnasium in Wiesbaden<br \/>Degree: Abitur (ancient language branch)<\/td><\/tr><\/tbody><\/table><\/figure>\n\n\n\n<div style=\"height:49px\" aria-hidden=\"true\" class=\"wp-block-spacer\"><\/div>\n\n\n<jgu-base-heading react-props=\"{\n    &quot;tags&quot;: {\n        &quot;htmlTag&quot;: &quot;h2&quot;,\n        &quot;classTag&quot;: &quot;h3&quot;,\n        &quot;tag&quot;: &quot;h2.h3&quot;\n    },\n    &quot;heading&quot;: &quot;Professional Career&quot;,\n    &quot;textAlign&quot;: &quot;left&quot;,\n    &quot;anchor&quot;: &quot;&quot;,\n    &quot;index&quot;: &quot;&quot;,\n    &quot;color&quot;: &quot;red&quot;\n}\"><\/jgu-base-heading>\n\n\n\n<figure class=\"wp-block-table\"><table><tbody><tr><td>since 11 \/ 2022<\/td><td>retired <\/td><\/tr><tr><td>10\/2021-03\/2022<\/td><td>Acting chair positions for Prof. Johannes Pahlitzsch at the university Mainz (Historical Seminar, Byzantinistik research unit)<\/td><\/tr><tr><td>10\/2016 \u2012 03\/2017<\/td><td>Acting chair positions for Prof. Johannes Pahlitzsch at the university Mainz (Historical Seminar, Byzantinistik research unit)<\/td><\/tr><tr><td>04\/2016 \u2012 09\/2016<\/td><td>Completion of two handbook articles on the history of the citadel of Antiocheia in the period 1016-1268<br \/>Client: Seminar f\u00fcr Orientalische Kunstgeschichte der Universit\u00e4t Halle-Wittenberg (Univ.-Prof. Dr. Gunnar Brands)<\/td><\/tr><tr><td>01\/2015 \u2012 03\/2016<\/td><td>Completion of a monograph on the history of the Duchy and the Greek Orthodox Patriarchate of Antiocheia<\/td><\/tr><tr><td>01\/2014 \u2013 12\/2014<\/td><td>Academic staff member at the Roman-Germanic Central Museum (RGZM) Mainz<br \/>Project: &#8220;Historical Mining in Southeastern Europe and Asia Minor&#8221;<\/td><\/tr><tr><td>09\/1999 \u2013 12\/2013<\/td><td>Academic staff member via various fixed-term and contract work agreements, project: &#8220;Syria et Arabia Byzantina I: Historical Geography and Topography of Northern Syria from Hellenistic-Roman times to the end of the Crusades within the framework of the Tabula Imperii Byzantini&#8221;, published in early 2015<br \/>Client in the project:<br \/>\u00b7 Austrian Academy of Sciences<br \/>\u00b7 Center for Intercultural Studies of the university Mainz<br \/>\u00b7 Historical Seminar of the university Mainz<br \/>\u00b7 German Oriental Society in Beirut<br \/>Subject examples:<br \/>\u00b7 Historical geography, history, Ecclesiastical History and archeology of Northern Syria<br \/>\u00b7 Two research trips lasting several weeks in 2002 and 2004 through Northern and Central Syria <\/td><\/tr><tr><td>10\/2011 \u2013 03\/2012<\/td><td>Acting chair at the Historical Seminar, Byzantinistik research unit, of the university Mainz<\/td><\/tr><tr><td>03\/2001<\/td><td>Professeur invit\u00e9-\u00e9tranger at the \u00c9cole pratique des Hautes \u00c9tudes\/Section des Sciences Religieuses, Paris (lectures on the topic of &#8220;Orthodoxy and Protestantism&#8221;)<\/td><\/tr><tr><td>Since 1999\/2000<\/td><td>Regular teaching as Privat-Dozent at the Historical Seminar of the university Mainz<\/td><\/tr><tr><td>14\/06\/1999<\/td><td>Habilitationscolloquium and award of the Venia legendi for the subject Byzantinistik by the responsible habilitation committee of the university Mainz<\/td><\/tr><tr><td>01\/1997 \u2013 04\/1999<\/td><td>Habilitand scholarship student of the German Research Foundation (DFG)<\/td><\/tr><tr><td>08\/1996 \u2013 12\/1996<\/td><td>Student assistant, university Mainz with degree at research unit V of the Historical Seminar of the university Mainz (creation of 40 articles for the lexicon on the history of Southeast Europe)<\/td><\/tr><tr><td>09\/1989 \u2013 09\/1995<\/td><td>Research assistant at research unit V (Byzantinistik) of the Historical Seminar of the university Mainz<\/td><\/tr><tr><td>10\/1983 \u2013 09\/1989<\/td><td>Academic staff member at research unit V (Byzantinistik) of the Historical Seminar of the university Mainz<\/td><\/tr><\/tbody><\/table><\/figure>\n<\/div><\/div>\n<\/jgu-base-section><div\n\tclass=\"jgu-anchorpoint\"\n\tid=\"list of publications\"\n\tdata-label=\"List of publications\"\n\tdata-hide-in-nav=\"false\"\n\ttabindex=\"0\"\n\tdata-initial-scroll=\"true\"\n><\/div>\n\n<div style=\"height:70px\" aria-hidden=\"true\" class=\"wp-block-spacer\"><\/div>\n<jgu-base-heading react-props=\"{\n    &quot;index&quot;: &quot;apl. Prof. Dr. Klaus Peter Todt&quot;,\n    &quot;tags&quot;: {\n        &quot;htmlTag&quot;: &quot;h2&quot;,\n        &quot;classTag&quot;: &quot;&quot;,\n        &quot;tag&quot;: &quot;h2&quot;\n    },\n    &quot;heading&quot;: &quot;List of publications&quot;,\n    &quot;textAlign&quot;: &quot;left&quot;,\n    &quot;anchor&quot;: &quot;&quot;,\n    &quot;color&quot;: &quot;red&quot;\n}\"><\/jgu-base-heading>\n\n<ul class=\"wp-block-list\">\n<li>Bartholomaios von Edessa, Confutatio Agareni. Commented Greek-German text edition (W\u00fcrzburger Forsch. z. Missions- und Religionswiss., I. Abt.: Corpus Islamo-Christianum. Series graeca, 2). W\u00fcrzburg u. Altenberge 1988.  <\/li>\n\n\n\n<li>Kaiser Johannes VI. Kantakuzenos und der Islam. Politische Realit\u00e4t und theologische Polemik im palaiologenzeitlichen Byzanz (W\u00fcrzburger Forsch. z. Missions- und Religionsgesch., Religionswiss. Stud. 16) W\u00fcrzburg u. Altenberge 1991. <\/li>\n\n\n\n<li>Antioch and Edessa in the so-called treaty of Deabolis (September 1108), in: ARAM 11-12 (1999-2000) 485-501.<\/li>\n\n\n\n<li>Die Frau als Selbstherrscher: Kaiserin Theodora, die letzte Angeh\u00f6rige der Makedonischen Dynastie, in: Jahrb. d. \u00f6sterr. Byzant.   50 (2000) 139-171.<\/li>\n\n\n\n<li>Herrscher im Schatten: Konstantin VIII. (960\/961-1028), in: Thetis 7 (2000) 93-105.<\/li>\n\n\n\n<li>Region und griechisch-orthodoxes Patriarchat von Antiocheia in mittelbyzantinischer Zeit, in: Byzant. Zeitschr.  94 (2001) 239-267.<\/li>\n\n\n\n<li>\u201eSo war der Eifer dieses Mannes der Eifer eines Apostels\u201c. Leben und Tod Kaiser Friedrichs I. Barbarossa im Geschichtswerk des Niketas Choniates, in: Thetis.  8 (2001) 129-140.<\/li>\n\n\n\n<li>Die letzte Papstreise nach Byzanz. Der Besuch Papst Konstantins I. in Konstantinopel im Jahre 711. Zugleich ein Beitrag zur Geschichte der Papstreisen, in: Zeitschr. f. Kirchengesch.    113 (2002) 24-50.<\/li>\n\n\n\n<li>La Th\u00e9ologie Byzantine et sa tradition, II (XIIIe-XIXe s.). Sous la direction de Carmelo Giuseppe Conticello et Vassa Conticello. Turnhout 2002. Darin:   <\/li>\n\n\n\n<li>Jeremias II., Patriarch von Konstantinopel (1572-1579, 1580-1584 und 1587-1565), Teil III: Zentrale Themen seiner Theologie, 583-612.<\/li>\n\n\n\n<li>Kyrillos Lukaris (1570\/72-1638), 617-658.<\/li>\n\n\n\n<li>Dositheos II. von Jerusalem (1641-1707)\u00bb, 659-720.<\/li>\n\n\n\n<li>\u00abJohannes von Ephesos\u00bb, in: Syrische Kirchenv\u00e4ter, hrsg. von Wassilios Klein. Stuttgart 2004, 204-216.  <\/li>\n\n\n\n<li>Antioch in the Middle Byzantine Period (969-1084). The reconstruction of the city as an administrative, military, economic and ecclesiastical center, in: Topoi, Supplement 5 (Lyon 2004) 1-20. <\/li>\n\n\n\n<li>\u201eDer Tod des Doppeladlers\u201c. Die Belagerung Konstantinopels im Jahre 1453 und der Untergang des byzantinischen Reiches, in: Thetis. Mannheimer Beitr\u00e4ge zur Klassischen Arch\u00e4ologie und Geschichte Griechenlands und Zyperns 11-12 (2005) 125-136.  <\/li>\n\n\n\n<li>Graf Berthold II. von Katzenelnbogen (vor 1183-nach 1217) im \u00e4g\u00e4ischen Raum und im Nahen Osten, in: Nassauische Annalen 117 (2006) 65-87.<\/li>\n\n\n\n<li>Griechisch-orthodoxe (melkitische) Christen im zentralen und s\u00fcdlichen Syrien. Die Periode von der arabischen Eroberung bis zur Verlegung der Patriarchenresidenz nach Damaskus (635-1365), in: Le Mus\u00e9on 119 (2006) 33-88. <\/li>\n\n\n\n<li>In Calumniatorem Platonis: Kardinal Johannes Bessarion (ca. 1403-1472) als Vermittler und Verteidiger der Philosophie Platons, in: Der Beitrag der byzantinischen Gelehrten zur abendl\u00e4ndischen Renaissance des 14. und 15. Jahrhunderts. Hrsg. von Evangelos Konstantinou (Philhellenische Studien, 12). Frankfurt a. M. 2006, 149-168.     <\/li>\n\n\n\n<li>\u200bDeutsche in Byzanz, in: Klaus Belke &#8211; Ewald Kislinger &#8211; Andreas K\u00fclzer &#8211; Maria A. Stassinopulou (Hrsg.), Byzantina Mediterranea. FS f\u00fcr Johannes Koder zum 65. Geburtstag. Wien-K\u00f6ln und Weimar 2007, 647-658.  <\/li>\n\n\n\n<li>Das \u00f6kumenische Patriarchat von Konstantinopel und die griechisch-orthodoxen (melkitischen) Patriarchate unter muslimischer Herrschaft, in: Patriarchatsregister Konstantinopel, in: Historicum. Zeitschrift f\u00fcr Geschichte, Fr\u00fchling-Sommer 2007, 54-61. <\/li>\n\n\n\n<li>Byzanz und Braunschweig-Grubenhagen im 14. Jh., in: 50 Jahre Deutsch-Griechische Gesellschaft\/Germano-Hell\u0113nikos Syllogos Wiesbaden 1959-2009 hrsg. von H. Lamm. Wiesbaden 2009, 75-84.<\/li>\n\n\n\n<li>Phoibos Apollon oder Hl. Babylas. Zum Kampf zwischen griechischem und christlichem Kult im Antiocheia des 4. Jh., in: Krise und Kult. Vorderer Orient und Nordafrika von Aurelian bis Justinian. Hrsg. von D. Kreikenbom, K.-U. Mahler, P. Schollmeyer und Th. M. Weber (Millenium-Studien zu Kultur und Geschichte des ersten Jahrtausends n. Chr. 28). Berlin und New York 2010, 21-39.<\/li>\n\n\n\n<li>Life of Theodore, bishop of Edessa, in: Christian-Muslim Relations. A Bibliographical History, II (900-1050). Ed. by David Thomas and Alex Mallett. Leiden und Boston 2010, 585-590.    <\/li>\n\n\n\n<li>Zwischen Kaiser und \u00f6kumenischem Patriarchen: Die Rolle der griechisch-orthodoxen Patriarchen von Antiocheia in den politischen und kirchlichen Auseinandersetzungen des 11.-13. Jh. in Byzanz, in: Michael Gr\u00fcnbart, Lutz Rickelt, Martin Marko Vu\u010deti\u0107, Zwei Sonnen am Goldenen Horn? Kaiserliche und patriarchale Macht im byzantinischen Mittelalter. Akten der internationalen Tagung vom 3. bis 5. November 2010, Teilband 1 (Byzantinistische Studien und Texte, Bd. 3). Berlin 2011, 137-176.    <\/li>\n\n\n\n<li>Venezianer, Deutsche und Osmanen im Kampf um Griechenland (1645-1718), in: Thetis. Mannheimer Beitr\u00e4ge zur Klassischen Arch\u00e4ologie und Geschichte Griechenlands und Zyperns 18 (2011) 130-165. <\/li>\n\n\n\n<li>Antioch in the Byzantine Sources of the 8th-13th Centuries, in: Universit\u00e9 Paris 8 Vincennes-Saint Denis, Les sources de l\u02bchistoire du paysage urbain d\u02bcAntioche sur l\u00b4Oronte. Actes des journ\u00e9es d\u00b4\u00e9tudes des 20 et 21 septembre 2010. Paris 2012, 203-221  <\/li>\n\n\n\n<li>Christian-Muslim Relations, Volume 5 (1350-1500). Edited by David Thomas and Alex Mallett, with Juan Pedro Monferrer Sala, Johannes Pahlitzsch, Mark Swanson, Herman Teule, John Tolan (History of Christian-Muslim Relations, Bd. 20). Leiden und Bosten 2013, darin die folgenden Artikel:  <\/li>\n\n\n\n<li>Islam and Muslims in Byzantine historiography of the 10th-15th centuries, 35-46; John VI Cantacuzenus, 165-178; Theophanes of Nicea, 189-193; Manuel II Palaeologus, 314-325; Gennadius II Scholarius, 503-518.<\/li>\n\n\n\n<li>Sportkrawalle im fr\u00fchen Byzanz (5.-7. Jh.), in: Thetis. Mannheimer Beitr\u00e4ge zur Klassischen Arch\u00e4ologie und Geschichte Griechenlands und Zyperns 20 (2013) 163-187. <\/li>\n\n\n\n<li>Die Neustrukturierung des griechisch-orthodoxen Patriarchates von Antiocheia im Spiegel des Patriarchatsregisters von Konstantinopel, in: The Register of the Patriarchate of Constantinople. An Essential Source for the History and Church of Late Byzantium. Proceedings of the international Symposium, Vienna, 5th-9th May 2009. Edited by Christian Gastgeber, Ekaterini Mitsiou, Johannes Preiser Kapeller (\u00d6AW, Philosoph.-Histor. Klasse, Denkschriften 457 = Ver\u00f6ffentlichungen zur Byzanzforschung, Bd. 32). Wien 2013, 245-255.    <\/li>\n\n\n\n<li>Klaus-Peter Todt und Bernd-Andreas Vest, Syria (Syria Pr\u014dt\u0113, Syria Deutera, Syria Euphrat\u0113sia), Bdd. I-III (\u00d6sterreichische Akademie der Wissenschaften, Philosophisch-Historische Klasse, Denkschriften, Bd. 438 = Tabula Imperii Byzantini 15\/1-3). Wien 2014.  <\/li>\n\n\n\n<li>Nordsyrien als Br\u00fccke in die arabische Welt, in: Byzantium as Bridge between West and East. Proceedings of the International Conference, Vienna, 3rd-5th May 2012. Edited by Christian Gastgeber und Falko Daim (\u00d6AW, Phil.-Hist. Klasse, Denkschriften, Bd. 476 = Ver\u00f6ffentlichungen zur Byzanzforschung, Bd. 36). Wien 2015, 157-177.   <\/li>\n\n\n\n<li>\u200bArtikel Archon (S. 79), Athen (S. 90-92), Athos (S. 92-93), Bilderstreit\/Ikonoklasmus (S. 163-164), Byzanz (S. 221-226), Despoten (S. 254-255), Dodekanes (S. 270-272), Drachme (S. 283), Exarch (S. 315-317), Feudalismus in Byzanz und auf dem mittelalterlichen Balkan (S. 320-322), Hesychasmus (S. 387-388), Ionische Inseln (S. 419-420), Kantakuzenen (S. 460-461), Klientelsystem (S. 491-492), Komnenen (S. 509-510), Korfu (S. 517-518), Kreta (S. 531-532), Kreuzz\u00fcge (S. 532-534), Lateinerherrschaft (S. 557-559), Lateinisches Kaiserreich (S. 559-560), Mistra (S. 612-613), M\u00f6nchtum (orth.) (S. 623-625), Ochrid (S. 660-661), Orthodoxie (und Nationalkirchen) (S. 670-676), Pal\u00e4ologen (S. 690-691), Par\u00f6ken (S. 701), Patriarch (S. 721), Peloponnes (S. 727-729), Pronoia (S. 751-752), Rhodos (S. 783-784), Rhom\u00e4er (S. 784-785), Schisma (S. 819-820), Stadt\/Stadttypen: Byzanz (S. 896-897), Syntagma des Matthaios<\/li>\n\n\n\n<li>Blastares (S. 925-926), Themen (S. 932-933), Thessalien (S. 933-934), Unierte (S. 977-978), Zeitrechnung-Kalendersystem (S. 1053-1055, mit Holm SUNDHAUSSEN), Zypern (S. 1065-1068, in: Lexikon zur Geschichte S\u00fcdosteuropas. 2., erweiterte und aktualisierte Auflage, f\u00fcr das S\u00fcdost-Institut M\u00fcnchen herausgegeben von Holm SUNDHAUSSEN und Konrad CLEWING. Wien, K\u00f6ln und Weimar 2016.   <\/li>\n\n\n\n<li>Art. Phoenicia, in: Realenzyklop\u00e4die f\u00fcr Antike und Christentum (RAC), Bd. XXVIII (Stuttgart 2016), Sp.  639-670.<\/li>\n\n\n\n<li>Klaus-Peter Todt und Bernd Andreas Vest, Die Wahrnehmung von Klima, Wetter und Naturkatastrophen in Syrien in den literarischen Quellen des 6.-9. Jahrhunderts, in: Henriette Baron \u2013 Falko Daim (eds), A Most Pleasant Scene and an Inexhaustibel Resource. Steps Towards a Byzantine Enviromental History. Interdisciplinary Conference November 17th and 18th 2011 in Mainz (Byzanz zwischen Orient und Okzident, Bd. 6). Mainz 2017, 241-271.   <\/li>\n\n\n\n<li>Rezension: Helga Gickler, Kaiser Michael IX. Palaiologos. Sein Leben und Wirken (1278-1320). Eine biographische Ann\u00e4herung (Studien und Texte zur Byzantinistik, Bd. 9) Frankfurt am Main 2015, in: Historische Zeitschrift 305 (2017) 529-531.  <\/li>\n\n\n\n<li>Rezension: Gunnar Brands, Antiochia in der Sp\u00e4tantike. Prolegomena zu einer arch\u00e4ologischen Stadtgeschichte (Hans-Lietzmann-Vorlesungen, Heft 14), Berlin und Boston 2016, in: Historische Zeitschrift 307 (2018) 803-804. <\/li>\n\n\n\n<li>Klaus-Peter Todt, Rezension von \u201eChristina Hadjiafxenti, Die Heiligenenkomien des Nikolaos Kabasilas. Einleitung und kritische Edition (Byzantinisches Archiv, Bd. 40). Berlin und Boston 2021\u201c, in: Zeitschrift f\u00fcr Kirchengeschichte 133 (2022) 417-418.<\/li>\n\n\n\n<li>Klaus-Peter Todt, Der Episkopat in den griechisch-orthodoxen (melkitischen) Patriarchaten des Nahen Ostens zwischen dem 7. und dem ausgehenden 12. Jahrhundert, in: Die \u00abEpiskopalisierung der Kirche\u00bb im europ\u00e4ischen Vergleich\/The \u00abEpiscopalization of the Church\u00bb in European Comparison. Hrsg. von Andreas Bihrer und Hedwig R\u00f6ckelein (Studien zur Germania Sacra, Neue Folge 13). Berlin und Boston 2022, 121-163.   <\/li>\n\n\n\n<li>Klaus-Peter Todt, Die Stadttore Antiocheias in den historiographischen und literarischen Quellen, in: Arch\u00e4ologische Untersuchungen im Stadtgebiet von Antiochia am Orontes, Bd. I: Antike und mittelalterliche Stadtmauersysteme, 1.1 Text und Tafeln. Hrsg. von Gunnar Brands und Ulrich Weferling (Antiochene Studies, Vol. 1). Turnhout\/Belgium 2024, 239-267.    <\/li>\n\n\n\n<li>Klaus-Peter Todt und Bernd Andreas Vest, Die Zitadelle von Antiocheia am Oront\u0113s\/Antakya: Die byzantinischen, kreuzfahrerzeitlichen und \u201eorientalischen\u201c (syrischen, arabischen und armenischen Quellen: Analyse und Kommentar, in: ebenda 301-335.<\/li>\n<\/ul>\n\n<div style=\"height:90px\" aria-hidden=\"true\" class=\"wp-block-spacer\"><\/div>\n<jgu-base-section react-props=\"{&quot;color&quot;:&quot;light&quot;,&quot;align&quot;:&quot;wide&quot;,&quot;padding&quot;:&quot;medium&quot;}\">\n<div class=\"jgu-bgsection bg bg-light\"><div class=\"content padding-medium\"><div\n\tclass=\"jgu-anchorpoint\"\n\tid=\"research-projects-and-focus\"\n\tdata-label=\"Research projects and research focus\"\n\tdata-hide-in-nav=\"false\"\n\ttabindex=\"0\"\n\tdata-initial-scroll=\"true\"\n><\/div>\n\n\n<jgu-base-heading react-props=\"{\n    &quot;index&quot;: &quot;apl. Prof. Dr. Klaus Peter Todt&quot;,\n    &quot;tags&quot;: {\n        &quot;htmlTag&quot;: &quot;h2&quot;,\n        &quot;classTag&quot;: &quot;&quot;,\n        &quot;tag&quot;: &quot;h2&quot;\n    },\n    &quot;heading&quot;: &quot;Main research areas&quot;,\n    &quot;textAlign&quot;: &quot;left&quot;,\n    &quot;anchor&quot;: &quot;&quot;,\n    &quot;color&quot;: &quot;red&quot;\n}\"><\/jgu-base-heading>\n\n\n\n<ul class=\"wp-block-list\">\n<li>Byzantine history and Ecclesiastical History<\/li>\n\n\n\n<li> Syrian-Byzantine area and the Patriarchate of Antioch<\/li>\n\n\n\n<li>Uprisings and rebellions in the Byzantine Empire in early and middle Byzantine times<\/li>\n\n\n\n<li>Relations between Byzantium and the Holy Roman Empire in the Middle Ages<\/li>\n\n\n\n<li>History of the Greek Orthodox Patriarchates in the Middle East<\/li>\n\n\n\n<li>the history of the patriarchs of Jerusalem, written by Patriarch Dositheos of Jerusalem<\/li>\n<\/ul>\n<\/div><\/div>\n<\/jgu-base-section>    <div style=\"display: none\">\n        \n    <\/div>","protected":false},"excerpt":{"rendered":"<p>Prof. Dr. Klaus-Peter Todt developed his interest in the history and culture of Byzantium in the last years of his schooling at the humanistic Dilthey-Gymnasium in Wiesbaden. He read the first Byzantine source texts, especially the Chronographia of Theophanes, in the excellent library of his school, which was very rich in older and more recent &hellip; <a href=\"https:\/\/byzantinistik.geschichte.uni-mainz.de\/en\/apl-prof-dr-klaus-peter-todt\/\">Continued<\/a><\/p>\n","protected":false},"author":1149,"featured_media":0,"parent":0,"menu_order":0,"comment_status":"closed","ping_status":"closed","template":"","meta":{"footnotes":""},"categories":[],"tags":[],"class_list":["post-12594","page","type-page","status-publish","hentry"],"content_raw":"<!-- wp:jgu\/pageheader {\"items\":[{\"box\":{\"index\":\"Team\",\"title\":\"apl. Prof. Dr. Klaus Peter Todt\",\"link\":{\"url\":\"\",\"title\":\"learn more\"}},\"color\":\"default\",\"image\":{\"url\":\"\"},\"imgCredit\":\"\",\"useVideo\":false,\"video\":false}],\"type\":\"border\"} \/--><!-- wp:columns -->\n<div class=\"wp-block-columns\"><!-- wp:column {\"width\":\"66.66%\"} -->\n<div class=\"wp-block-column\" style=\"flex-basis:66.66%\"><!-- wp:jgu\/idm-person {\"id\":\"12457\",\"link\":\"false\",\"organizationId\":758,\"roleId\":118} \/--><\/div>\n<!-- \/wp:column -->\n\n<!-- wp:column {\"width\":\"33.33%\"} -->\n<div class=\"wp-block-column\" style=\"flex-basis:33.33%\"><!-- wp:jgu\/image-gallery {\"images\":[{\"url\":null,\"id\":11782}],\"withThumbs\":false,\"previewNext\":false} \/--><\/div>\n<!-- \/wp:column --><\/div>\n<!-- \/wp:columns --><!-- wp:jgu\/anchornavigation \/--><!-- wp:spacer {\"height\":\"34px\"} -->\n<div style=\"height:34px\" aria-hidden=\"true\" class=\"wp-block-spacer\"><\/div>\n<!-- \/wp:spacer --><!-- wp:paragraph {\"translatedWithWPMLTM\":\"1\"} -->\n<p>Prof. Dr. Klaus-Peter Todt developed his interest in the history and culture of Byzantium in the last years of his schooling at the humanistic Dilthey-Gymnasium in Wiesbaden. He read the first Byzantine source texts, especially the Chronographia of Theophanes, in the excellent library of his school, which was very rich in older and more recent text editions as well as monographs and whose beginnings date back to the 18th century. After a very stimulating and inspiring program of study with Prof. Dr. Johannes Koder, with whom Prof. Dr. Klaus-Peter Todt remains closely associated to this day, he worked since 1983 as an academic staff member, research assistant and then after the habilitation as associate professor (Privatdozent), adjunct professor and acting chair for Prof. Pahlitzsch in the Byzantinistik research unit (formerly Department V of the Histor. Seminars), albeit with interruptions. He regularly offers an overview lecture on the history of Byzantium from the 4th-15th century, spread over several semesters.    <\/p>\n<!-- \/wp:paragraph --><!-- wp:spacer {\"height\":\"44px\"} -->\n<div style=\"height:44px\" aria-hidden=\"true\" class=\"wp-block-spacer\"><\/div>\n<!-- \/wp:spacer --><!-- wp:jgu\/section {\"color\": \"light\"} -->\n<div class=\"jgu-bgsection bg bg-light\"><div class=\"content padding-medium\"><!-- wp:jgu\/anchorpoint {\"title\":\"Curriculum vitae\",\"slug\":\"Curriculum vitae\"} \/-->\n\n<!-- wp:jgu\/heading {\"index\":\"apl. Prof. Dr. Klaus Peter Todt\",\"tags\":{\"htmlTag\":\"h2\",\"classTag\":\"\",\"tag\":\"h2\"},\"heading\":\"Academic curriculum vitae\"} \/-->\n\n<!-- wp:jgu\/heading {\"tags\":{\"htmlTag\":\"h2\",\"classTag\":\"h3\",\"tag\":\"h2.h3\"},\"heading\":\"Training and Program of Study\"} \/-->\n\n<!-- wp:table {\"translatedWithWPMLTM\":\"1\"} -->\n<figure class=\"wp-block-table\"><table><tbody><tr><td>08 \/ 1989<\/td><td>Doctorate<\/td><\/tr><tr><td>07 \/ 1983<\/td><td>Magister artium<\/td><\/tr><tr><td>10\/1976 \u2013 07\/1983<\/td><td>Program of study of Byzantine Studies, Protestant Theology, Philosophy and Classical Philology at the Johannes Gutenberg-Universit\u00e4t Mainz<\/td><\/tr><tr><td>01\/1978 \u2013 04\/1979<\/td><td>Civilian service at the Child Neurological Center Mainz<\/td><\/tr><tr><td>1968-1976<\/td><td>Attended the Humanistic Dilthey-Gymnasium in Wiesbaden<br \/>Degree: Abitur (ancient language branch)<\/td><\/tr><\/tbody><\/table><\/figure>\n<!-- \/wp:table -->\n\n<!-- wp:spacer {\"height\":\"49px\"} -->\n<div style=\"height:49px\" aria-hidden=\"true\" class=\"wp-block-spacer\"><\/div>\n<!-- \/wp:spacer -->\n\n<!-- wp:jgu\/heading {\"tags\":{\"htmlTag\":\"h2\",\"classTag\":\"h3\",\"tag\":\"h2.h3\"},\"heading\":\"Professional Career\"} \/-->\n\n<!-- wp:table {\"translatedWithWPMLTM\":\"1\"} -->\n<figure class=\"wp-block-table\"><table><tbody><tr><td>since 11 \/ 2022<\/td><td>retired <\/td><\/tr><tr><td>10\/2021-03\/2022<\/td><td>Acting chair positions for Prof. Johannes Pahlitzsch at the university Mainz (Historical Seminar, Byzantinistik research unit)<\/td><\/tr><tr><td>10\/2016 \u2012 03\/2017<\/td><td>Acting chair positions for Prof. Johannes Pahlitzsch at the university Mainz (Historical Seminar, Byzantinistik research unit)<\/td><\/tr><tr><td>04\/2016 \u2012 09\/2016<\/td><td>Completion of two handbook articles on the history of the citadel of Antiocheia in the period 1016-1268<br \/>Client: Seminar f\u00fcr Orientalische Kunstgeschichte der Universit\u00e4t Halle-Wittenberg (Univ.-Prof. Dr. Gunnar Brands)<\/td><\/tr><tr><td>01\/2015 \u2012 03\/2016<\/td><td>Completion of a monograph on the history of the Duchy and the Greek Orthodox Patriarchate of Antiocheia<\/td><\/tr><tr><td>01\/2014 \u2013 12\/2014<\/td><td>Academic staff member at the Roman-Germanic Central Museum (RGZM) Mainz<br \/>Project: \"Historical Mining in Southeastern Europe and Asia Minor\"<\/td><\/tr><tr><td>09\/1999 \u2013 12\/2013<\/td><td>Academic staff member via various fixed-term and contract work agreements, project: \"Syria et Arabia Byzantina I: Historical Geography and Topography of Northern Syria from Hellenistic-Roman times to the end of the Crusades within the framework of the Tabula Imperii Byzantini\", published in early 2015<br \/>Client in the project:<br \/>\u00b7 Austrian Academy of Sciences<br \/>\u00b7 Center for Intercultural Studies of the university Mainz<br \/>\u00b7 Historical Seminar of the university Mainz<br \/>\u00b7 German Oriental Society in Beirut<br \/>Subject examples:<br \/>\u00b7 Historical geography, history, Ecclesiastical History and archeology of Northern Syria<br \/>\u00b7 Two research trips lasting several weeks in 2002 and 2004 through Northern and Central Syria <\/td><\/tr><tr><td>10\/2011 \u2013 03\/2012<\/td><td>Acting chair at the Historical Seminar, Byzantinistik research unit, of the university Mainz<\/td><\/tr><tr><td>03\/2001<\/td><td>Professeur invit\u00e9-\u00e9tranger at the \u00c9cole pratique des Hautes \u00c9tudes\/Section des Sciences Religieuses, Paris (lectures on the topic of \"Orthodoxy and Protestantism\")<\/td><\/tr><tr><td>Since 1999\/2000<\/td><td>Regular teaching as Privat-Dozent at the Historical Seminar of the university Mainz<\/td><\/tr><tr><td>14\/06\/1999<\/td><td>Habilitationscolloquium and award of the Venia legendi for the subject Byzantinistik by the responsible habilitation committee of the university Mainz<\/td><\/tr><tr><td>01\/1997 \u2013 04\/1999<\/td><td>Habilitand scholarship student of the German Research Foundation (DFG)<\/td><\/tr><tr><td>08\/1996 \u2013 12\/1996<\/td><td>Student assistant, university Mainz with degree at research unit V of the Historical Seminar of the university Mainz (creation of 40 articles for the lexicon on the history of Southeast Europe)<\/td><\/tr><tr><td>09\/1989 \u2013 09\/1995<\/td><td>Research assistant at research unit V (Byzantinistik) of the Historical Seminar of the university Mainz<\/td><\/tr><tr><td>10\/1983 \u2013 09\/1989<\/td><td>Academic staff member at research unit V (Byzantinistik) of the Historical Seminar of the university Mainz<\/td><\/tr><\/tbody><\/table><\/figure>\n<!-- \/wp:table --><\/div><\/div>\n<!-- \/wp:jgu\/section --><!-- wp:jgu\/anchorpoint {\"title\":\"List of publications\",\"slug\":\"list of publications\"} \/--><!-- wp:spacer {\"height\":\"70px\"} -->\n<div style=\"height:70px\" aria-hidden=\"true\" class=\"wp-block-spacer\"><\/div>\n<!-- \/wp:spacer --><!-- wp:jgu\/heading {\"index\":\"apl. Prof. Dr. Klaus Peter Todt\",\"tags\":{\"htmlTag\":\"h2\",\"classTag\":\"\",\"tag\":\"h2\"},\"heading\":\"List of publications\"} \/--><!-- wp:list -->\n<ul><!-- wp:list-item {\"translatedWithWPMLTM\":\"1\"} -->\n<li>Bartholomaios von Edessa, Confutatio Agareni. Commented Greek-German text edition (W\u00fcrzburger Forsch. z. Missions- und Religionswiss., I. Abt.: Corpus Islamo-Christianum. Series graeca, 2). W\u00fcrzburg u. Altenberge 1988.  <\/li>\n<!-- \/wp:list-item -->\n\n<!-- wp:list-item {\"translatedWithWPMLTM\":\"1\"} -->\n<li>Kaiser Johannes VI. Kantakuzenos und der Islam. Politische Realit\u00e4t und theologische Polemik im palaiologenzeitlichen Byzanz (W\u00fcrzburger Forsch. z. Missions- und Religionsgesch., Religionswiss. Stud. 16) W\u00fcrzburg u. Altenberge 1991. <\/li>\n<!-- \/wp:list-item -->\n\n<!-- wp:list-item -->\n<li>Antioch and Edessa in the so-called treaty of Deabolis (September 1108), in: ARAM 11-12 (1999-2000) 485-501.<\/li>\n<!-- \/wp:list-item -->\n\n<!-- wp:list-item {\"translatedWithWPMLTM\":\"1\"} -->\n<li>Die Frau als Selbstherrscher: Kaiserin Theodora, die letzte Angeh\u00f6rige der Makedonischen Dynastie, in: Jahrb. d. \u00f6sterr. Byzant.   50 (2000) 139-171.<\/li>\n<!-- \/wp:list-item -->\n\n<!-- wp:list-item -->\n<li>Herrscher im Schatten: Konstantin VIII. (960\/961-1028), in: Thetis 7 (2000) 93-105.<\/li>\n<!-- \/wp:list-item -->\n\n<!-- wp:list-item {\"translatedWithWPMLTM\":\"1\"} -->\n<li>Region und griechisch-orthodoxes Patriarchat von Antiocheia in mittelbyzantinischer Zeit, in: Byzant. Zeitschr.  94 (2001) 239-267.<\/li>\n<!-- \/wp:list-item -->\n\n<!-- wp:list-item {\"translatedWithWPMLTM\":\"1\"} -->\n<li>\u201eSo war der Eifer dieses Mannes der Eifer eines Apostels\u201c. Leben und Tod Kaiser Friedrichs I. Barbarossa im Geschichtswerk des Niketas Choniates, in: Thetis.  8 (2001) 129-140.<\/li>\n<!-- \/wp:list-item -->\n\n<!-- wp:list-item {\"translatedWithWPMLTM\":\"1\"} -->\n<li>Die letzte Papstreise nach Byzanz. Der Besuch Papst Konstantins I. in Konstantinopel im Jahre 711. Zugleich ein Beitrag zur Geschichte der Papstreisen, in: Zeitschr. f. Kirchengesch.    113 (2002) 24-50.<\/li>\n<!-- \/wp:list-item -->\n\n<!-- wp:list-item {\"translatedWithWPMLTM\":\"1\"} -->\n<li>La Th\u00e9ologie Byzantine et sa tradition, II (XIIIe-XIXe s.). Sous la direction de Carmelo Giuseppe Conticello et Vassa Conticello. Turnhout 2002. Darin:   <\/li>\n<!-- \/wp:list-item -->\n\n<!-- wp:list-item -->\n<li>Jeremias II., Patriarch von Konstantinopel (1572-1579, 1580-1584 und 1587-1565), Teil III: Zentrale Themen seiner Theologie, 583-612.<\/li>\n<!-- \/wp:list-item -->\n\n<!-- wp:list-item -->\n<li>Kyrillos Lukaris (1570\/72-1638), 617-658.<\/li>\n<!-- \/wp:list-item -->\n\n<!-- wp:list-item -->\n<li>Dositheos II. von Jerusalem (1641-1707)\u00bb, 659-720.<\/li>\n<!-- \/wp:list-item -->\n\n<!-- wp:list-item {\"translatedWithWPMLTM\":\"1\"} -->\n<li>\u00abJohannes von Ephesos\u00bb, in: Syrische Kirchenv\u00e4ter, hrsg. von Wassilios Klein. Stuttgart 2004, 204-216.  <\/li>\n<!-- \/wp:list-item -->\n\n<!-- wp:list-item {\"translatedWithWPMLTM\":\"1\"} -->\n<li>Antioch in the Middle Byzantine Period (969-1084). The reconstruction of the city as an administrative, military, economic and ecclesiastical center, in: Topoi, Supplement 5 (Lyon 2004) 1-20. <\/li>\n<!-- \/wp:list-item -->\n\n<!-- wp:list-item {\"translatedWithWPMLTM\":\"1\"} -->\n<li>\u201eDer Tod des Doppeladlers\u201c. Die Belagerung Konstantinopels im Jahre 1453 und der Untergang des byzantinischen Reiches, in: Thetis. Mannheimer Beitr\u00e4ge zur Klassischen Arch\u00e4ologie und Geschichte Griechenlands und Zyperns 11-12 (2005) 125-136.  <\/li>\n<!-- \/wp:list-item -->\n\n<!-- wp:list-item -->\n<li>Graf Berthold II. von Katzenelnbogen (vor 1183-nach 1217) im \u00e4g\u00e4ischen Raum und im Nahen Osten, in: Nassauische Annalen 117 (2006) 65-87.<\/li>\n<!-- \/wp:list-item -->\n\n<!-- wp:list-item {\"translatedWithWPMLTM\":\"1\"} -->\n<li>Griechisch-orthodoxe (melkitische) Christen im zentralen und s\u00fcdlichen Syrien. Die Periode von der arabischen Eroberung bis zur Verlegung der Patriarchenresidenz nach Damaskus (635-1365), in: Le Mus\u00e9on 119 (2006) 33-88. <\/li>\n<!-- \/wp:list-item -->\n\n<!-- wp:list-item {\"translatedWithWPMLTM\":\"1\"} -->\n<li>In Calumniatorem Platonis: Kardinal Johannes Bessarion (ca. 1403-1472) als Vermittler und Verteidiger der Philosophie Platons, in: Der Beitrag der byzantinischen Gelehrten zur abendl\u00e4ndischen Renaissance des 14. und 15. Jahrhunderts. Hrsg. von Evangelos Konstantinou (Philhellenische Studien, 12). Frankfurt a. M. 2006, 149-168.     <\/li>\n<!-- \/wp:list-item -->\n\n<!-- wp:list-item {\"translatedWithWPMLTM\":\"1\"} -->\n<li>\u200bDeutsche in Byzanz, in: Klaus Belke - Ewald Kislinger - Andreas K\u00fclzer - Maria A. Stassinopulou (Hrsg.), Byzantina Mediterranea. FS f\u00fcr Johannes Koder zum 65. Geburtstag. Wien-K\u00f6ln und Weimar 2007, 647-658.  <\/li>\n<!-- \/wp:list-item -->\n\n<!-- wp:list-item {\"translatedWithWPMLTM\":\"1\"} -->\n<li>Das \u00f6kumenische Patriarchat von Konstantinopel und die griechisch-orthodoxen (melkitischen) Patriarchate unter muslimischer Herrschaft, in: Patriarchatsregister Konstantinopel, in: Historicum. Zeitschrift f\u00fcr Geschichte, Fr\u00fchling-Sommer 2007, 54-61. <\/li>\n<!-- \/wp:list-item -->\n\n<!-- wp:list-item -->\n<li>Byzanz und Braunschweig-Grubenhagen im 14. Jh., in: 50 Jahre Deutsch-Griechische Gesellschaft\/Germano-Hell\u0113nikos Syllogos Wiesbaden 1959-2009 hrsg. von H. Lamm. Wiesbaden 2009, 75-84.<\/li>\n<!-- \/wp:list-item -->\n\n<!-- wp:list-item -->\n<li>Phoibos Apollon oder Hl. Babylas. Zum Kampf zwischen griechischem und christlichem Kult im Antiocheia des 4. Jh., in: Krise und Kult. Vorderer Orient und Nordafrika von Aurelian bis Justinian. Hrsg. von D. Kreikenbom, K.-U. Mahler, P. Schollmeyer und Th. M. Weber (Millenium-Studien zu Kultur und Geschichte des ersten Jahrtausends n. Chr. 28). Berlin und New York 2010, 21-39.<\/li>\n<!-- \/wp:list-item -->\n\n<!-- wp:list-item {\"translatedWithWPMLTM\":\"1\"} -->\n<li>Life of Theodore, bishop of Edessa, in: Christian-Muslim Relations. A Bibliographical History, II (900-1050). Ed. by David Thomas and Alex Mallett. Leiden und Boston 2010, 585-590.    <\/li>\n<!-- \/wp:list-item -->\n\n<!-- wp:list-item {\"translatedWithWPMLTM\":\"1\"} -->\n<li>Zwischen Kaiser und \u00f6kumenischem Patriarchen: Die Rolle der griechisch-orthodoxen Patriarchen von Antiocheia in den politischen und kirchlichen Auseinandersetzungen des 11.-13. Jh. in Byzanz, in: Michael Gr\u00fcnbart, Lutz Rickelt, Martin Marko Vu\u010deti\u0107, Zwei Sonnen am Goldenen Horn? Kaiserliche und patriarchale Macht im byzantinischen Mittelalter. Akten der internationalen Tagung vom 3. bis 5. November 2010, Teilband 1 (Byzantinistische Studien und Texte, Bd. 3). Berlin 2011, 137-176.    <\/li>\n<!-- \/wp:list-item -->\n\n<!-- wp:list-item {\"translatedWithWPMLTM\":\"1\"} -->\n<li>Venezianer, Deutsche und Osmanen im Kampf um Griechenland (1645-1718), in: Thetis. Mannheimer Beitr\u00e4ge zur Klassischen Arch\u00e4ologie und Geschichte Griechenlands und Zyperns 18 (2011) 130-165. <\/li>\n<!-- \/wp:list-item -->\n\n<!-- wp:list-item {\"translatedWithWPMLTM\":\"1\"} -->\n<li>Antioch in the Byzantine Sources of the 8th-13th Centuries, in: Universit\u00e9 Paris 8 Vincennes-Saint Denis, Les sources de l\u02bchistoire du paysage urbain d\u02bcAntioche sur l\u00b4Oronte. Actes des journ\u00e9es d\u00b4\u00e9tudes des 20 et 21 septembre 2010. Paris 2012, 203-221  <\/li>\n<!-- \/wp:list-item -->\n\n<!-- wp:list-item {\"translatedWithWPMLTM\":\"1\"} -->\n<li>Christian-Muslim Relations, Volume 5 (1350-1500). Edited by David Thomas and Alex Mallett, with Juan Pedro Monferrer Sala, Johannes Pahlitzsch, Mark Swanson, Herman Teule, John Tolan (History of Christian-Muslim Relations, Bd. 20). Leiden und Bosten 2013, darin die folgenden Artikel:  <\/li>\n<!-- \/wp:list-item -->\n\n<!-- wp:list-item -->\n<li>Islam and Muslims in Byzantine historiography of the 10th-15th centuries, 35-46; John VI Cantacuzenus, 165-178; Theophanes of Nicea, 189-193; Manuel II Palaeologus, 314-325; Gennadius II Scholarius, 503-518.<\/li>\n<!-- \/wp:list-item -->\n\n<!-- wp:list-item {\"translatedWithWPMLTM\":\"1\"} -->\n<li>Sportkrawalle im fr\u00fchen Byzanz (5.-7. Jh.), in: Thetis. Mannheimer Beitr\u00e4ge zur Klassischen Arch\u00e4ologie und Geschichte Griechenlands und Zyperns 20 (2013) 163-187. <\/li>\n<!-- \/wp:list-item -->\n\n<!-- wp:list-item {\"translatedWithWPMLTM\":\"1\"} -->\n<li>Die Neustrukturierung des griechisch-orthodoxen Patriarchates von Antiocheia im Spiegel des Patriarchatsregisters von Konstantinopel, in: The Register of the Patriarchate of Constantinople. An Essential Source for the History and Church of Late Byzantium. Proceedings of the international Symposium, Vienna, 5th-9th May 2009. Edited by Christian Gastgeber, Ekaterini Mitsiou, Johannes Preiser Kapeller (\u00d6AW, Philosoph.-Histor. Klasse, Denkschriften 457 = Ver\u00f6ffentlichungen zur Byzanzforschung, Bd. 32). Wien 2013, 245-255.    <\/li>\n<!-- \/wp:list-item -->\n\n<!-- wp:list-item {\"translatedWithWPMLTM\":\"1\"} -->\n<li>Klaus-Peter Todt und Bernd-Andreas Vest, Syria (Syria Pr\u014dt\u0113, Syria Deutera, Syria Euphrat\u0113sia), Bdd. I-III (\u00d6sterreichische Akademie der Wissenschaften, Philosophisch-Historische Klasse, Denkschriften, Bd. 438 = Tabula Imperii Byzantini 15\/1-3). Wien 2014.  <\/li>\n<!-- \/wp:list-item -->\n\n<!-- wp:list-item {\"translatedWithWPMLTM\":\"1\"} -->\n<li>Nordsyrien als Br\u00fccke in die arabische Welt, in: Byzantium as Bridge between West and East. Proceedings of the International Conference, Vienna, 3rd-5th May 2012. Edited by Christian Gastgeber und Falko Daim (\u00d6AW, Phil.-Hist. Klasse, Denkschriften, Bd. 476 = Ver\u00f6ffentlichungen zur Byzanzforschung, Bd. 36). Wien 2015, 157-177.   <\/li>\n<!-- \/wp:list-item -->\n\n<!-- wp:list-item -->\n<li>\u200bArtikel Archon (S. 79), Athen (S. 90-92), Athos (S. 92-93), Bilderstreit\/Ikonoklasmus (S. 163-164), Byzanz (S. 221-226), Despoten (S. 254-255), Dodekanes (S. 270-272), Drachme (S. 283), Exarch (S. 315-317), Feudalismus in Byzanz und auf dem mittelalterlichen Balkan (S. 320-322), Hesychasmus (S. 387-388), Ionische Inseln (S. 419-420), Kantakuzenen (S. 460-461), Klientelsystem (S. 491-492), Komnenen (S. 509-510), Korfu (S. 517-518), Kreta (S. 531-532), Kreuzz\u00fcge (S. 532-534), Lateinerherrschaft (S. 557-559), Lateinisches Kaiserreich (S. 559-560), Mistra (S. 612-613), M\u00f6nchtum (orth.) (S. 623-625), Ochrid (S. 660-661), Orthodoxie (und Nationalkirchen) (S. 670-676), Pal\u00e4ologen (S. 690-691), Par\u00f6ken (S. 701), Patriarch (S. 721), Peloponnes (S. 727-729), Pronoia (S. 751-752), Rhodos (S. 783-784), Rhom\u00e4er (S. 784-785), Schisma (S. 819-820), Stadt\/Stadttypen: Byzanz (S. 896-897), Syntagma des Matthaios<\/li>\n<!-- \/wp:list-item -->\n\n<!-- wp:list-item {\"translatedWithWPMLTM\":\"1\"} -->\n<li>Blastares (S. 925-926), Themen (S. 932-933), Thessalien (S. 933-934), Unierte (S. 977-978), Zeitrechnung-Kalendersystem (S. 1053-1055, mit Holm SUNDHAUSSEN), Zypern (S. 1065-1068, in: Lexikon zur Geschichte S\u00fcdosteuropas. 2., erweiterte und aktualisierte Auflage, f\u00fcr das S\u00fcdost-Institut M\u00fcnchen herausgegeben von Holm SUNDHAUSSEN und Konrad CLEWING. Wien, K\u00f6ln und Weimar 2016.   <\/li>\n<!-- \/wp:list-item -->\n\n<!-- wp:list-item {\"translatedWithWPMLTM\":\"1\"} -->\n<li>Art. Phoenicia, in: Realenzyklop\u00e4die f\u00fcr Antike und Christentum (RAC), Bd. XXVIII (Stuttgart 2016), Sp.  639-670.<\/li>\n<!-- \/wp:list-item -->\n\n<!-- wp:list-item {\"translatedWithWPMLTM\":\"1\"} -->\n<li>Klaus-Peter Todt und Bernd Andreas Vest, Die Wahrnehmung von Klima, Wetter und Naturkatastrophen in Syrien in den literarischen Quellen des 6.-9. Jahrhunderts, in: Henriette Baron \u2013 Falko Daim (eds), A Most Pleasant Scene and an Inexhaustibel Resource. Steps Towards a Byzantine Enviromental History. Interdisciplinary Conference November 17th and 18th 2011 in Mainz (Byzanz zwischen Orient und Okzident, Bd. 6). Mainz 2017, 241-271.   <\/li>\n<!-- \/wp:list-item -->\n\n<!-- wp:list-item {\"translatedWithWPMLTM\":\"1\"} -->\n<li>Rezension: Helga Gickler, Kaiser Michael IX. Palaiologos. Sein Leben und Wirken (1278-1320). Eine biographische Ann\u00e4herung (Studien und Texte zur Byzantinistik, Bd. 9) Frankfurt am Main 2015, in: Historische Zeitschrift 305 (2017) 529-531.  <\/li>\n<!-- \/wp:list-item -->\n\n<!-- wp:list-item {\"translatedWithWPMLTM\":\"1\"} -->\n<li>Rezension: Gunnar Brands, Antiochia in der Sp\u00e4tantike. Prolegomena zu einer arch\u00e4ologischen Stadtgeschichte (Hans-Lietzmann-Vorlesungen, Heft 14), Berlin und Boston 2016, in: Historische Zeitschrift 307 (2018) 803-804. <\/li>\n<!-- \/wp:list-item -->\n\n<!-- wp:list-item -->\n<li>Klaus-Peter Todt, Rezension von \u201eChristina Hadjiafxenti, Die Heiligenenkomien des Nikolaos Kabasilas. Einleitung und kritische Edition (Byzantinisches Archiv, Bd. 40). Berlin und Boston 2021\u201c, in: Zeitschrift f\u00fcr Kirchengeschichte 133 (2022) 417-418.<\/li>\n<!-- \/wp:list-item -->\n\n<!-- wp:list-item {\"translatedWithWPMLTM\":\"1\"} -->\n<li>Klaus-Peter Todt, Der Episkopat in den griechisch-orthodoxen (melkitischen) Patriarchaten des Nahen Ostens zwischen dem 7. und dem ausgehenden 12. Jahrhundert, in: Die \u00abEpiskopalisierung der Kirche\u00bb im europ\u00e4ischen Vergleich\/The \u00abEpiscopalization of the Church\u00bb in European Comparison. Hrsg. von Andreas Bihrer und Hedwig R\u00f6ckelein (Studien zur Germania Sacra, Neue Folge 13). Berlin und Boston 2022, 121-163.   <\/li>\n<!-- \/wp:list-item -->\n\n<!-- wp:list-item {\"translatedWithWPMLTM\":\"1\"} -->\n<li>Klaus-Peter Todt, Die Stadttore Antiocheias in den historiographischen und literarischen Quellen, in: Arch\u00e4ologische Untersuchungen im Stadtgebiet von Antiochia am Orontes, Bd. I: Antike und mittelalterliche Stadtmauersysteme, 1.1 Text und Tafeln. Hrsg. von Gunnar Brands und Ulrich Weferling (Antiochene Studies, Vol. 1). Turnhout\/Belgium 2024, 239-267.    <\/li>\n<!-- \/wp:list-item -->\n\n<!-- wp:list-item -->\n<li>Klaus-Peter Todt und Bernd Andreas Vest, Die Zitadelle von Antiocheia am Oront\u0113s\/Antakya: Die byzantinischen, kreuzfahrerzeitlichen und \u201eorientalischen\u201c (syrischen, arabischen und armenischen Quellen: Analyse und Kommentar, in: ebenda 301-335.<\/li>\n<!-- \/wp:list-item --><\/ul>\n<!-- \/wp:list --><!-- wp:spacer -->\n<div style=\"height:90px\" aria-hidden=\"true\" class=\"wp-block-spacer\"><\/div>\n<!-- \/wp:spacer --><!-- wp:jgu\/section {\"color\": \"light\"} -->\n<div class=\"jgu-bgsection bg bg-light\"><div class=\"content padding-medium\"><!-- wp:jgu\/anchorpoint {\"title\":\"Research projects and research focus\",\"slug\":\"research-projects-and-focus\"} \/-->\n\n<!-- wp:jgu\/heading {\"index\":\"apl. Prof. Dr. Klaus Peter Todt\",\"tags\":{\"htmlTag\":\"h2\",\"classTag\":\"\",\"tag\":\"h2\"},\"heading\":\"Main research areas\"} \/-->\n\n<!-- wp:list -->\n<ul><!-- wp:list-item {\"translatedWithWPMLTM\":\"1\"} -->\n<li>Byzantine history and Ecclesiastical History<\/li>\n<!-- \/wp:list-item -->\n\n<!-- wp:list-item {\"translatedWithWPMLTM\":\"1\"} -->\n<li> Syrian-Byzantine area and the Patriarchate of Antioch<\/li>\n<!-- \/wp:list-item -->\n\n<!-- wp:list-item {\"translatedWithWPMLTM\":\"1\"} -->\n<li>Uprisings and rebellions in the Byzantine Empire in early and middle Byzantine times<\/li>\n<!-- \/wp:list-item -->\n\n<!-- wp:list-item {\"translatedWithWPMLTM\":\"1\"} -->\n<li>Relations between Byzantium and the Holy Roman Empire in the Middle Ages<\/li>\n<!-- \/wp:list-item -->\n\n<!-- wp:list-item {\"translatedWithWPMLTM\":\"1\"} -->\n<li>History of the Greek Orthodox Patriarchates in the Middle East<\/li>\n<!-- \/wp:list-item -->\n\n<!-- wp:list-item {\"translatedWithWPMLTM\":\"1\"} -->\n<li>the history of the patriarchs of Jerusalem, written by Patriarch Dositheos of Jerusalem<\/li>\n<!-- \/wp:list-item --><\/ul>\n<!-- \/wp:list --><\/div><\/div>\n<!-- \/wp:jgu\/section -->","_links":{"self":[{"href":"https:\/\/byzantinistik.geschichte.uni-mainz.de\/en\/wp-json\/wp\/v2\/pages\/12594","targetHints":{"allow":["GET"]}}],"collection":[{"href":"https:\/\/byzantinistik.geschichte.uni-mainz.de\/en\/wp-json\/wp\/v2\/pages"}],"about":[{"href":"https:\/\/byzantinistik.geschichte.uni-mainz.de\/en\/wp-json\/wp\/v2\/types\/page"}],"author":[{"embeddable":true,"href":"https:\/\/byzantinistik.geschichte.uni-mainz.de\/en\/wp-json\/wp\/v2\/users\/1149"}],"replies":[{"embeddable":true,"href":"https:\/\/byzantinistik.geschichte.uni-mainz.de\/en\/wp-json\/wp\/v2\/comments?post=12594"}],"version-history":[{"count":2,"href":"https:\/\/byzantinistik.geschichte.uni-mainz.de\/en\/wp-json\/wp\/v2\/pages\/12594\/revisions"}],"predecessor-version":[{"id":12622,"href":"https:\/\/byzantinistik.geschichte.uni-mainz.de\/en\/wp-json\/wp\/v2\/pages\/12594\/revisions\/12622"}],"wp:attachment":[{"href":"https:\/\/byzantinistik.geschichte.uni-mainz.de\/en\/wp-json\/wp\/v2\/media?parent=12594"}],"wp:term":[{"taxonomy":"category","embeddable":true,"href":"https:\/\/byzantinistik.geschichte.uni-mainz.de\/en\/wp-json\/wp\/v2\/categories?post=12594"},{"taxonomy":"post_tag","embeddable":true,"href":"https:\/\/byzantinistik.geschichte.uni-mainz.de\/en\/wp-json\/wp\/v2\/tags?post=12594"}],"curies":[{"name":"wp","href":"https:\/\/api.w.org\/{rel}","templated":true}]}}