{"id":12609,"date":"2025-05-28T13:44:57","date_gmt":"2025-05-28T11:44:57","guid":{"rendered":"https:\/\/byzantinistik.geschichte.uni-mainz.de\/?page_id=12609"},"modified":"2025-09-03T12:02:49","modified_gmt":"2025-09-03T10:02:49","slug":"dr-leonie-exarchos","status":"publish","type":"page","link":"https:\/\/byzantinistik.geschichte.uni-mainz.de\/en\/dr-leonie-exarchos\/","title":{"rendered":"Dr. Leonie Exarchos"},"content":{"rendered":"<jgu-base-pageheader react-props=\"{\n    &quot;items&quot;: [\n        {\n            &quot;box&quot;: {\n                &quot;index&quot;: &quot;Team&quot;,\n                &quot;title&quot;: &quot;Dr. Leonie Exarchos&quot;,\n                &quot;link&quot;: {\n                    &quot;url&quot;: &quot;&quot;,\n                    &quot;title&quot;: &quot;learn more&quot;\n                }\n            },\n            &quot;color&quot;: &quot;default&quot;,\n            &quot;image&quot;: {\n                &quot;url&quot;: &quot;&quot;\n            },\n            &quot;imgCredit&quot;: &quot;&quot;,\n            &quot;useVideo&quot;: false,\n            &quot;video&quot;: false\n        }\n    ],\n    &quot;type&quot;: &quot;border&quot;,\n    &quot;align&quot;: &quot;full&quot;,\n    &quot;quicklinks&quot;: {\n        &quot;show&quot;: false,\n        &quot;selects&quot;: []\n    },\n    &quot;useBreadcrumb&quot;: false\n}\">\n<\/jgu-base-pageheader>\n<div class=\"wp-block-columns is-layout-flex wp-container-core-columns-is-layout-9d6595d7 wp-block-columns-is-layout-flex\">\n<div class=\"wp-block-column is-layout-flow wp-block-column-is-layout-flow\" style=\"flex-basis:66.66%\"><jgu-base-contactcard react-props=\"{\n    &quot;name&quot;: &quot;Dr. Leonie Exarchos&quot;,\n    &quot;avatar&quot;: {\n        &quot;id&quot;: null,\n        &quot;url&quot;: null,\n        &quot;credit&quot;: &quot;&quot;\n    },\n    &quot;align&quot;: &quot;wide&quot;,\n    &quot;actions&quot;: [],\n    &quot;color&quot;: &quot;default&quot;\n}\">\n    \n<jgu-base-listitem react-props=\"{\n    &quot;icon&quot;: &quot;university-solid&quot;,\n    &quot;title&quot;: &quot;Byzantine Studies&quot;,\n    &quot;uuid&quot;: &quot;1747585183612&quot;,\n    &quot;align&quot;: &quot;wide&quot;,\n    &quot;showInActions&quot;: false,\n    &quot;allowNesting&quot;: true,\n    &quot;showExpandableContent&quot;: false,\n    &quot;expandableContent&quot;: &quot;&quot;,\n    &quot;link&quot;: {\n        &quot;url&quot;: &quot;&quot;\n    }\n}\">\n    \n<\/jgu-base-listitem>\n\n<jgu-base-listitem react-props=\"{\n    &quot;icon&quot;: &quot;envelope-solid&quot;,\n    &quot;title&quot;: &quot;leonie.exarchos@uni-mainz.de&quot;,\n    &quot;uuid&quot;: &quot;1747589070319&quot;,\n    &quot;align&quot;: &quot;wide&quot;,\n    &quot;showInActions&quot;: false,\n    &quot;allowNesting&quot;: true,\n    &quot;showExpandableContent&quot;: false,\n    &quot;expandableContent&quot;: &quot;&quot;,\n    &quot;link&quot;: {\n        &quot;url&quot;: &quot;&quot;\n    }\n}\">\n    \n<\/jgu-base-listitem>\n\n<jgu-base-listitem react-props=\"{\n    &quot;icon&quot;: &quot;calendar-week-solid&quot;,\n    &quot;title&quot;: &quot;&lt;strong&gt;Consultation hour:&lt;\\\/strong&gt; &lt;br&gt;by appointment&quot;,\n    &quot;uuid&quot;: &quot;1747589428912&quot;,\n    &quot;link&quot;: {\n        &quot;url&quot;: null\n    },\n    &quot;align&quot;: &quot;wide&quot;,\n    &quot;showInActions&quot;: false,\n    &quot;allowNesting&quot;: true,\n    &quot;showExpandableContent&quot;: false,\n    &quot;expandableContent&quot;: &quot;&quot;\n}\">\n    \n<\/jgu-base-listitem>\n\n<\/jgu-base-contactcard><\/div>\n\n\n\n<div class=\"wp-block-column is-layout-flow wp-block-column-is-layout-flow\" style=\"flex-basis:33.33%\">\n<p><\/p>\n\n\n<jgu-base-image react-props=\"{\n    &quot;align&quot;: &quot;center&quot;,\n    &quot;image&quot;: {\n        &quot;url&quot;: &quot;https:\\\/\\\/cms.zdv.uni-mainz.de\\\/fb07-byzantinistik\\\/wp-content\\\/uploads\\\/sites\\\/516\\\/2025\\\/05\\\/leonie-186x300-1.jpg&quot;,\n        &quot;id&quot;: 11147,\n        &quot;credit&quot;: &quot;Dr. Leonie Exarchos&quot;,\n        &quot;title&quot;: &quot;Dr. Leonie Exarchos&quot;,\n        &quot;width&quot;: 186,\n        &quot;height&quot;: 300\n    },\n    &quot;caption&quot;: &quot;Dr. Leonie Exarchos&quot;,\n    &quot;width&quot;: 303,\n    &quot;hasLightbox&quot;: false,\n    &quot;imgWidth&quot;: 0,\n    &quot;link&quot;: {\n        &quot;url&quot;: &quot;&quot;,\n        &quot;target&quot;: &quot;&quot;,\n        &quot;rel&quot;: &quot;&quot;\n    }\n}\" class=\"align-center\">\n    \n<\/jgu-base-image><\/div>\n<\/div>\n\n<div style=\"height:90px\" aria-hidden=\"true\" class=\"wp-block-spacer\"><\/div>\n<jgu-base-anchornavigation react-props=\"{\n    &quot;align&quot;: &quot;wide&quot;,\n    &quot;theme&quot;: &quot;white&quot;\n}\">\n    \n<\/jgu-base-anchornavigation><jgu-base-section react-props=\"{&quot;color&quot;:&quot;light&quot;,&quot;align&quot;:&quot;wide&quot;,&quot;padding&quot;:&quot;medium&quot;}\">\n<div class=\"jgu-bgsection bg bg-light\"><div class=\"content padding-medium\"><div\n\tclass=\"jgu-anchorpoint\"\n\tid=\"Curriculum vitae\"\n\tdata-label=\"Curriculum vitae\"\n\tdata-hide-in-nav=\"false\"\n\ttabindex=\"0\"\n\tdata-initial-scroll=\"true\"\n><\/div>\n\n\n<jgu-base-heading react-props=\"{\n    &quot;index&quot;: &quot;Dr. Leonie Exarchos&quot;,\n    &quot;tags&quot;: {\n        &quot;htmlTag&quot;: &quot;h2&quot;,\n        &quot;classTag&quot;: &quot;&quot;,\n        &quot;tag&quot;: &quot;h2&quot;\n    },\n    &quot;heading&quot;: &quot;Academic curriculum vitae&quot;,\n    &quot;textAlign&quot;: &quot;left&quot;,\n    &quot;anchor&quot;: &quot;&quot;,\n    &quot;color&quot;: &quot;red&quot;\n}\"><\/jgu-base-heading>\n\n\n\n<figure class=\"wp-block-table is-style-regular\"><table><tbody><tr><td>since 2021<\/td><td>Policy officer in Unit VII 9 (OZG) of the Hessian Ministry of the Interior and Sport<\/td><\/tr><tr><td>2019 &#8211; 2021<\/td><td>Project coordinator in the field of higher education internationalization at the P\u00e4dagogische Hochschule Heidelberg for the ProMobiL<sup>GS <\/sup>project (teacher education International) funded by the DAAD and for the Erasmus+ project <strong>\u201eForeign Language Teacher Training Capacity Development as a Way to Ukraine\u2019s Multilingual Education and European Integration\/MultiEd\u201c<\/strong><\/td><\/tr><tr><td>2020<\/td><td>Doctorate in Medieval and Modern History at the School of Philosophy of the Georg-August-Universit\u00e4t G\u00f6ttingen<\/td><\/tr><tr><td>2018 &#8211; 2019<\/td><td>Postgraduate studies in administrative science at the German University of Administrative Sciences Speyer (Master of Administrative Sciences)<\/td><\/tr><tr><td>04\/2016-08\/2016<\/td><td>Research stay in Oxford<\/td><\/tr><tr><td>2015 &#8211; 2018<\/td><td>Research employee in the Research Training Group &#8220;Expert Cultures of the 12th to 18th Centuries&#8221; at the Georg-August-Universit\u00e4t G\u00f6ttingen<\/td><\/tr><tr><td>2014 &#8211; 2015<\/td><td>Research employee in the research unit of Byzantine Studies at the Historical Seminar of the Johannes Gutenberg-Universit\u00e4t Mainz<\/td><\/tr><tr><td>2011 &#8211; 2013<\/td><td>Master\u2019s degree in History at the Ruprecht-Karls-Universit\u00e4t Heidelberg<\/td><\/tr><tr><td>09\/2009-01\/2010<\/td><td>Erasmus stay at the Institut Catholique de Paris<\/td><\/tr><tr><td>2007-2010<\/td><td>Bachelor&#8217;s degree in Medieval and Modern History and Political Science at the Ruprecht-Karls-Universit\u00e4t Heidelberg<\/td><\/tr><\/tbody><\/table><\/figure>\n\n\n\n<div style=\"height:90px\" aria-hidden=\"true\" class=\"wp-block-spacer\"><\/div>\n<\/div><\/div>\n<\/jgu-base-section><div\n\tclass=\"jgu-anchorpoint\"\n\tid=\"list of publications\"\n\tdata-label=\"List of publications\"\n\tdata-hide-in-nav=\"false\"\n\ttabindex=\"0\"\n\tdata-initial-scroll=\"true\"\n><\/div>\n\n<div style=\"height:70px\" aria-hidden=\"true\" class=\"wp-block-spacer\"><\/div>\n<jgu-base-heading react-props=\"{\n    &quot;index&quot;: &quot;Dr. Leonie Exarchos&quot;,\n    &quot;tags&quot;: {\n        &quot;htmlTag&quot;: &quot;h2&quot;,\n        &quot;classTag&quot;: &quot;&quot;,\n        &quot;tag&quot;: &quot;h2&quot;\n    },\n    &quot;heading&quot;: &quot;List of publications&quot;,\n    &quot;textAlign&quot;: &quot;left&quot;,\n    &quot;anchor&quot;: &quot;&quot;,\n    &quot;color&quot;: &quot;red&quot;\n}\"><\/jgu-base-heading>\n<jgu-base-heading react-props=\"{\n    &quot;tags&quot;: {\n        &quot;htmlTag&quot;: &quot;h2&quot;,\n        &quot;classTag&quot;: &quot;h3&quot;,\n        &quot;tag&quot;: &quot;h2.h3&quot;\n    },\n    &quot;heading&quot;: &quot;Monographs&quot;,\n    &quot;textAlign&quot;: &quot;left&quot;,\n    &quot;anchor&quot;: &quot;&quot;,\n    &quot;index&quot;: &quot;&quot;,\n    &quot;color&quot;: &quot;red&quot;\n}\"><\/jgu-base-heading>\n\n<ul class=\"wp-block-list\">\n<li>Latins at the Imperial Court in Constantinople: Expertise and Loyalties between Byzantium and the West (1143 \u2013 1204), (Mediterranean Studies 22), Paderborn 2022.<\/li>\n<\/ul>\n\n<div style=\"height:35px\" aria-hidden=\"true\" class=\"wp-block-spacer\"><\/div>\n<jgu-base-heading react-props=\"{\n    &quot;tags&quot;: {\n        &quot;htmlTag&quot;: &quot;h2&quot;,\n        &quot;classTag&quot;: &quot;h3&quot;,\n        &quot;tag&quot;: &quot;h2.h3&quot;\n    },\n    &quot;heading&quot;: &quot;Essays&quot;,\n    &quot;textAlign&quot;: &quot;left&quot;,\n    &quot;anchor&quot;: &quot;&quot;,\n    &quot;index&quot;: &quot;&quot;,\n    &quot;color&quot;: &quot;red&quot;\n}\"><\/jgu-base-heading>\n\n<ul class=\"wp-block-list\">\n<li>Minorities in the Empire: Latins, in: Der Neue Pauly. Supplement Volumes\u201d, 8: Byzantium. Historical-Cultural Handbook, ed. by Falko Daim, Stuttgart 2016, col.    1143-1145.<\/li>\n\n\n\n<li>\u00bbAnd you do not dare to profess your faith\u00ab. Forms of Confession in the Context of the Union Negotiations between the Roman and Orthodox Churches in Nikaia and Nymphaion 1234, in: Orthodoxa Confessio? Confession Building, Confessionalization and its Consequences in the Eastern Christianity of Europe (VIEG Beihefte, 114), ed. by Mihai Grigore\/ Florian K\u00fchrer-Wielach, G\u00f6ttingen 2018, pp. 137-160.   <\/li>\n\n\n\n<li>Komnenoi and Staufer: Ambition and Confrontation, in: A Companion to Byzantium and the West, 900-1204 (Brill\u2019s Companions to the Byzantine World 10), ed. by Nicolas Drocourt\/ Sebastian Kolditz. (in preparation for publication)  <\/li>\n<\/ul>\n\n<div style=\"height:39px\" aria-hidden=\"true\" class=\"wp-block-spacer\"><\/div>\n<jgu-base-heading react-props=\"{\n    &quot;tags&quot;: {\n        &quot;htmlTag&quot;: &quot;h2&quot;,\n        &quot;classTag&quot;: &quot;h3&quot;,\n        &quot;tag&quot;: &quot;h2.h3&quot;\n    },\n    &quot;heading&quot;: &quot;Reviews&quot;,\n    &quot;textAlign&quot;: &quot;left&quot;,\n    &quot;anchor&quot;: &quot;&quot;,\n    &quot;index&quot;: &quot;&quot;,\n    &quot;color&quot;: &quot;red&quot;\n}\"><\/jgu-base-heading>\n\n<ul class=\"wp-block-list\">\n<li>Marie-H\u00e9l\u00e8ne Blanchet, Th\u00e9odore Agallianos, Dialogue avec un moine contre les Latins (1442). \u00c9dition critique traduction fran\u00e7aise et commentaire (Byzantina Sorbonensia 27), Paris 2013, in: S\u00fcdost-Forschungen 76\/2017 (2018), pp. 352-355. <\/li>\n\n\n\n<li>Foteini Kolovou, Der gefangene Gelehrte und sein n\u00e4chtlicher Gast. Geschichtskonzeption und Phantasie in Nikephoros Gregoras\u2019 Rhomaike Historia. (Sitzungsberichte der S\u00e4chsischen Akademie der Wissenschaften zu Leipzig, Philologisch-historische Klasse 141\/4) Leipzig\/Stuttgart 2016, in: Historische Zeitschrift 306 (2018), pp. 830f.   <\/li>\n\n\n\n<li>Anthony Kaldellis, Streams of Gold, Rivers of Blood. The Rise and Fall of Byzantium, 955 A.D. to the First Crusade, in: Historische Zeitschrift 309 (2019), pp. 177-179. <\/li>\n\n\n\n<li>Georgi Kapriev, Latin Rivals in Constantinople (Recherches de th\u00e9ologie et philosophie m\u00e9di\u00e9vales. Bibliotheca. 15), in: Deutsches Archiv f\u00fcr Erforschung des Mittelalters 75\/2 (2019), pp. 721f.<\/li>\n<\/ul>\n\n<div style=\"height:60px\" aria-hidden=\"true\" class=\"wp-block-spacer\"><\/div>\n<jgu-base-section react-props=\"{&quot;color&quot;:&quot;light&quot;,&quot;align&quot;:&quot;wide&quot;,&quot;padding&quot;:&quot;medium&quot;}\">\n<div class=\"jgu-bgsection bg bg-light\"><div class=\"content padding-medium\"><div\n\tclass=\"jgu-anchorpoint\"\n\tid=\"research-projects-and-focus\"\n\tdata-label=\"Research projects and research focus\"\n\tdata-hide-in-nav=\"false\"\n\ttabindex=\"0\"\n\tdata-initial-scroll=\"true\"\n><\/div>\n\n\n<jgu-base-heading react-props=\"{\n    &quot;index&quot;: &quot;Dr. Leonie Exarchos&quot;,\n    &quot;tags&quot;: {\n        &quot;htmlTag&quot;: &quot;h2&quot;,\n        &quot;classTag&quot;: &quot;&quot;,\n        &quot;tag&quot;: &quot;h2&quot;\n    },\n    &quot;heading&quot;: &quot;Research projects and research focus&quot;,\n    &quot;textAlign&quot;: &quot;left&quot;,\n    &quot;anchor&quot;: &quot;&quot;,\n    &quot;color&quot;: &quot;red&quot;\n}\"><\/jgu-base-heading>\n\n\n\n<ul class=\"wp-block-list\">\n<li>Byzantine-Western relations in the Middle Ages<\/li>\n\n\n\n<li>Church union efforts between the Roman and Orthodox Churches <\/li>\n\n\n\n<li>Greek-Latin translation and interpreting <\/li>\n\n\n\n<li>History of knowledge and its transmission<\/li>\n\n\n\n<li>Transcultural history<\/li>\n\n\n\n<li>Mobilities and identities in the Mediterranean <\/li>\n\n\n\n<li>Minority history<\/li>\n<\/ul>\n\n\n\n<div style=\"height:43px\" aria-hidden=\"true\" class=\"wp-block-spacer\"><\/div>\n<\/div><\/div>\n<\/jgu-base-section>    <div style=\"display: none\">\n        \n    <\/div>","protected":false},"excerpt":{"rendered":"","protected":false},"author":1149,"featured_media":0,"parent":0,"menu_order":0,"comment_status":"closed","ping_status":"closed","template":"","meta":{"footnotes":""},"categories":[],"tags":[],"class_list":["post-12609","page","type-page","status-publish","hentry"],"content_raw":"<!-- wp:jgu\/pageheader {\"items\":[{\"box\":{\"index\":\"Team\",\"title\":\"Dr. Leonie Exarchos\",\"link\":{\"url\":\"\",\"title\":\"learn more\"}},\"color\":\"default\",\"image\":{\"url\":\"\"},\"imgCredit\":\"\",\"useVideo\":false,\"video\":false}],\"type\":\"border\"} \/--><!-- wp:columns -->\n<div class=\"wp-block-columns\"><!-- wp:column {\"width\":\"66.66%\"} -->\n<div class=\"wp-block-column\" style=\"flex-basis:66.66%\"><!-- wp:jgu\/contact-card {\"name\":\"Dr. Leonie Exarchos\",\"avatar\":{\"id\":null,\"url\":null,\"credit\":\"\"}} -->\n<!-- wp:jgu\/list-item {\"icon\":\"university-solid\",\"title\":\"Byzantine Studies\",\"uuid\":\"1747585183612\"} \/-->\n\n<!-- wp:jgu\/list-item {\"icon\":\"envelope-solid\",\"title\":\"leonie.exarchos@uni-mainz.de\",\"uuid\":\"1747589070319\"} \/-->\n\n<!-- wp:jgu\/list-item {\"icon\":\"calendar-week-solid\",\"title\":\"\\u003cstrong\\u003eConsultation hour:\\u003c\/strong\\u003e \\u003cbr\\u003eby appointment\",\"uuid\":\"1747589428912\",\"link\":{\"url\":null}} \/-->\n<!-- \/wp:jgu\/contact-card --><\/div>\n<!-- \/wp:column -->\n\n<!-- wp:column {\"width\":\"33.33%\"} -->\n<div class=\"wp-block-column\" style=\"flex-basis:33.33%\"><!-- wp:paragraph -->\n<p><\/p>\n<!-- \/wp:paragraph -->\n\n<!-- wp:jgu\/image {\"align\":\"center\",\"image\":{\"url\":null,\"id\":11147},\"caption\":\"Dr. Leonie Exarchos\",\"width\":303} \/--><\/div>\n<!-- \/wp:column --><\/div>\n<!-- \/wp:columns --><!-- wp:spacer -->\n<div style=\"height:90px\" aria-hidden=\"true\" class=\"wp-block-spacer\"><\/div>\n<!-- \/wp:spacer --><!-- wp:jgu\/anchornavigation \/--><!-- wp:jgu\/section {\"color\": \"light\"} -->\n<div class=\"jgu-bgsection bg bg-light\"><div class=\"content padding-medium\"><!-- wp:jgu\/anchorpoint {\"title\":\"Curriculum vitae\",\"slug\":\"Curriculum vitae\"} \/-->\n\n<!-- wp:jgu\/heading {\"index\":\"Dr. Leonie Exarchos\",\"tags\":{\"htmlTag\":\"h2\",\"classTag\":\"\",\"tag\":\"h2\"},\"heading\":\"Academic curriculum vitae\"} \/-->\n\n<!-- wp:table {\"className\":\"is-style-regular\",\"translatedWithWPMLTM\":\"1\"} -->\n<figure class=\"wp-block-table is-style-regular\"><table><tbody><tr><td>since 2021<\/td><td>Policy officer in Unit VII 9 (OZG) of the Hessian Ministry of the Interior and Sport<\/td><\/tr><tr><td>2019 - 2021<\/td><td>Project coordinator in the field of higher education internationalization at the P\u00e4dagogische Hochschule Heidelberg for the ProMobiL<sup>GS <\/sup>project (teacher education International) funded by the DAAD and for the Erasmus+ project <strong>\u201eForeign Language Teacher Training Capacity Development as a Way to Ukraine\u2019s Multilingual Education and European Integration\/MultiEd\u201c<\/strong><\/td><\/tr><tr><td>2020<\/td><td>Doctorate in Medieval and Modern History at the School of Philosophy of the Georg-August-Universit\u00e4t G\u00f6ttingen<\/td><\/tr><tr><td>2018 - 2019<\/td><td>Postgraduate studies in administrative science at the German University of Administrative Sciences Speyer (Master of Administrative Sciences)<\/td><\/tr><tr><td>04\/2016-08\/2016<\/td><td>Research stay in Oxford<\/td><\/tr><tr><td>2015 - 2018<\/td><td>Research employee in the Research Training Group \"Expert Cultures of the 12th to 18th Centuries\" at the Georg-August-Universit\u00e4t G\u00f6ttingen<\/td><\/tr><tr><td>2014 - 2015<\/td><td>Research employee in the research unit of Byzantine Studies at the Historical Seminar of the Johannes Gutenberg-Universit\u00e4t Mainz<\/td><\/tr><tr><td>2011 - 2013<\/td><td>Master\u2019s degree in History at the Ruprecht-Karls-Universit\u00e4t Heidelberg<\/td><\/tr><tr><td>09\/2009-01\/2010<\/td><td>Erasmus stay at the Institut Catholique de Paris<\/td><\/tr><tr><td>2007-2010<\/td><td>Bachelor's degree in Medieval and Modern History and Political Science at the Ruprecht-Karls-Universit\u00e4t Heidelberg<\/td><\/tr><\/tbody><\/table><\/figure>\n<!-- \/wp:table -->\n\n<!-- wp:spacer -->\n<div style=\"height:90px\" aria-hidden=\"true\" class=\"wp-block-spacer\"><\/div>\n<!-- \/wp:spacer --><\/div><\/div>\n<!-- \/wp:jgu\/section --><!-- wp:jgu\/anchorpoint {\"title\":\"List of publications\",\"slug\":\"list of publications\"} \/--><!-- wp:spacer {\"height\":\"70px\"} -->\n<div style=\"height:70px\" aria-hidden=\"true\" class=\"wp-block-spacer\"><\/div>\n<!-- \/wp:spacer --><!-- wp:jgu\/heading {\"index\":\"Dr. Leonie Exarchos\",\"tags\":{\"htmlTag\":\"h2\",\"classTag\":\"\",\"tag\":\"h2\"},\"heading\":\"List of publications\"} \/--><!-- wp:jgu\/heading {\"tags\":{\"htmlTag\":\"h2\",\"classTag\":\"h3\",\"tag\":\"h2.h3\"},\"heading\":\"Monographs\"} \/--><!-- wp:list -->\n<ul><!-- wp:list-item {\"translatedWithWPMLTM\":\"1\"} -->\n<li>Latins at the Imperial Court in Constantinople: Expertise and Loyalties between Byzantium and the West (1143 \u2013 1204), (Mediterranean Studies 22), Paderborn 2022.<\/li>\n<!-- \/wp:list-item --><\/ul>\n<!-- \/wp:list --><!-- wp:spacer {\"height\":\"35px\"} -->\n<div style=\"height:35px\" aria-hidden=\"true\" class=\"wp-block-spacer\"><\/div>\n<!-- \/wp:spacer --><!-- wp:jgu\/heading {\"tags\":{\"htmlTag\":\"h2\",\"classTag\":\"h3\",\"tag\":\"h2.h3\"},\"heading\":\"Essays\"} \/--><!-- wp:list -->\n<ul><!-- wp:list-item {\"translatedWithWPMLTM\":\"1\"} -->\n<li>Minorities in the Empire: Latins, in: Der Neue Pauly. Supplement Volumes\u201d, 8: Byzantium. Historical-Cultural Handbook, ed. by Falko Daim, Stuttgart 2016, col.    1143-1145.<\/li>\n<!-- \/wp:list-item -->\n\n<!-- wp:list-item {\"translatedWithWPMLTM\":\"1\"} -->\n<li>\u00bbAnd you do not dare to profess your faith\u00ab. Forms of Confession in the Context of the Union Negotiations between the Roman and Orthodox Churches in Nikaia and Nymphaion 1234, in: Orthodoxa Confessio? Confession Building, Confessionalization and its Consequences in the Eastern Christianity of Europe (VIEG Beihefte, 114), ed. by Mihai Grigore\/ Florian K\u00fchrer-Wielach, G\u00f6ttingen 2018, pp. 137-160.   <\/li>\n<!-- \/wp:list-item -->\n\n<!-- wp:list-item {\"translatedWithWPMLTM\":\"1\"} -->\n<li>Komnenoi and Staufer: Ambition and Confrontation, in: A Companion to Byzantium and the West, 900-1204 (Brill\u2019s Companions to the Byzantine World 10), ed. by Nicolas Drocourt\/ Sebastian Kolditz. (in preparation for publication)  <\/li>\n<!-- \/wp:list-item --><\/ul>\n<!-- \/wp:list --><!-- wp:spacer {\"height\":\"39px\"} -->\n<div style=\"height:39px\" aria-hidden=\"true\" class=\"wp-block-spacer\"><\/div>\n<!-- \/wp:spacer --><!-- wp:jgu\/heading {\"tags\":{\"htmlTag\":\"h2\",\"classTag\":\"h3\",\"tag\":\"h2.h3\"},\"heading\":\"Reviews\"} \/--><!-- wp:list -->\n<ul><!-- wp:list-item {\"translatedWithWPMLTM\":\"1\"} -->\n<li>Marie-H\u00e9l\u00e8ne Blanchet, Th\u00e9odore Agallianos, Dialogue avec un moine contre les Latins (1442). \u00c9dition critique traduction fran\u00e7aise et commentaire (Byzantina Sorbonensia 27), Paris 2013, in: S\u00fcdost-Forschungen 76\/2017 (2018), pp. 352-355. <\/li>\n<!-- \/wp:list-item -->\n\n<!-- wp:list-item {\"translatedWithWPMLTM\":\"1\"} -->\n<li>Foteini Kolovou, Der gefangene Gelehrte und sein n\u00e4chtlicher Gast. Geschichtskonzeption und Phantasie in Nikephoros Gregoras\u2019 Rhomaike Historia. (Sitzungsberichte der S\u00e4chsischen Akademie der Wissenschaften zu Leipzig, Philologisch-historische Klasse 141\/4) Leipzig\/Stuttgart 2016, in: Historische Zeitschrift 306 (2018), pp. 830f.   <\/li>\n<!-- \/wp:list-item -->\n\n<!-- wp:list-item {\"translatedWithWPMLTM\":\"1\"} -->\n<li>Anthony Kaldellis, Streams of Gold, Rivers of Blood. The Rise and Fall of Byzantium, 955 A.D. to the First Crusade, in: Historische Zeitschrift 309 (2019), pp. 177-179. <\/li>\n<!-- \/wp:list-item -->\n\n<!-- wp:list-item {\"translatedWithWPMLTM\":\"1\"} -->\n<li>Georgi Kapriev, Latin Rivals in Constantinople (Recherches de th\u00e9ologie et philosophie m\u00e9di\u00e9vales. Bibliotheca. 15), in: Deutsches Archiv f\u00fcr Erforschung des Mittelalters 75\/2 (2019), pp. 721f.<\/li>\n<!-- \/wp:list-item --><\/ul>\n<!-- \/wp:list --><!-- wp:spacer {\"height\":\"60px\"} -->\n<div style=\"height:60px\" aria-hidden=\"true\" class=\"wp-block-spacer\"><\/div>\n<!-- \/wp:spacer --><!-- wp:jgu\/section {\"color\": \"light\"} -->\n<div class=\"jgu-bgsection bg bg-light\"><div class=\"content padding-medium\"><!-- wp:jgu\/anchorpoint {\"title\":\"Research projects and research focus\",\"slug\":\"research-projects-and-focus\"} \/-->\n\n<!-- wp:jgu\/heading {\"index\":\"Dr. Leonie Exarchos\",\"tags\":{\"htmlTag\":\"h2\",\"classTag\":\"\",\"tag\":\"h2\"},\"heading\":\"Research projects and research focus\"} \/-->\n\n<!-- wp:list -->\n<ul><!-- wp:list-item {\"translatedWithWPMLTM\":\"1\"} -->\n<li>Byzantine-Western relations in the Middle Ages<\/li>\n<!-- \/wp:list-item -->\n\n<!-- wp:list-item {\"translatedWithWPMLTM\":\"1\"} -->\n<li>Church union efforts between the Roman and Orthodox Churches <\/li>\n<!-- \/wp:list-item -->\n\n<!-- wp:list-item {\"translatedWithWPMLTM\":\"1\"} -->\n<li>Greek-Latin translation and interpreting <\/li>\n<!-- \/wp:list-item -->\n\n<!-- wp:list-item {\"translatedWithWPMLTM\":\"1\"} -->\n<li>History of knowledge and its transmission<\/li>\n<!-- \/wp:list-item -->\n\n<!-- wp:list-item {\"translatedWithWPMLTM\":\"1\"} -->\n<li>Transcultural history<\/li>\n<!-- \/wp:list-item -->\n\n<!-- wp:list-item {\"translatedWithWPMLTM\":\"1\"} -->\n<li>Mobilities and identities in the Mediterranean <\/li>\n<!-- \/wp:list-item -->\n\n<!-- wp:list-item {\"translatedWithWPMLTM\":\"1\"} -->\n<li>Minority history<\/li>\n<!-- \/wp:list-item --><\/ul>\n<!-- \/wp:list -->\n\n<!-- wp:spacer {\"height\":\"43px\"} -->\n<div style=\"height:43px\" aria-hidden=\"true\" class=\"wp-block-spacer\"><\/div>\n<!-- \/wp:spacer --><\/div><\/div>\n<!-- \/wp:jgu\/section -->","_links":{"self":[{"href":"https:\/\/byzantinistik.geschichte.uni-mainz.de\/en\/wp-json\/wp\/v2\/pages\/12609","targetHints":{"allow":["GET"]}}],"collection":[{"href":"https:\/\/byzantinistik.geschichte.uni-mainz.de\/en\/wp-json\/wp\/v2\/pages"}],"about":[{"href":"https:\/\/byzantinistik.geschichte.uni-mainz.de\/en\/wp-json\/wp\/v2\/types\/page"}],"author":[{"embeddable":true,"href":"https:\/\/byzantinistik.geschichte.uni-mainz.de\/en\/wp-json\/wp\/v2\/users\/1149"}],"replies":[{"embeddable":true,"href":"https:\/\/byzantinistik.geschichte.uni-mainz.de\/en\/wp-json\/wp\/v2\/comments?post=12609"}],"version-history":[{"count":2,"href":"https:\/\/byzantinistik.geschichte.uni-mainz.de\/en\/wp-json\/wp\/v2\/pages\/12609\/revisions"}],"predecessor-version":[{"id":12628,"href":"https:\/\/byzantinistik.geschichte.uni-mainz.de\/en\/wp-json\/wp\/v2\/pages\/12609\/revisions\/12628"}],"wp:attachment":[{"href":"https:\/\/byzantinistik.geschichte.uni-mainz.de\/en\/wp-json\/wp\/v2\/media?parent=12609"}],"wp:term":[{"taxonomy":"category","embeddable":true,"href":"https:\/\/byzantinistik.geschichte.uni-mainz.de\/en\/wp-json\/wp\/v2\/categories?post=12609"},{"taxonomy":"post_tag","embeddable":true,"href":"https:\/\/byzantinistik.geschichte.uni-mainz.de\/en\/wp-json\/wp\/v2\/tags?post=12609"}],"curies":[{"name":"wp","href":"https:\/\/api.w.org\/{rel}","templated":true}]}}